{"id":900,"date":"2022-01-27T06:43:46","date_gmt":"2022-01-27T11:43:46","guid":{"rendered":"https:\/\/www.actualidadambiental.pe\/mosaico-purus-manu\/?page_id=900"},"modified":"2022-03-02T17:12:11","modified_gmt":"2022-03-02T22:12:11","slug":"notas","status":"publish","type":"page","link":"https:\/\/www.actualidadambiental.pe\/mosaico-purus-manu\/notas\/","title":{"rendered":"Notas"},"content":{"rendered":"<div class=\"fusion-fullwidth fullwidth-box fusion-builder-row-1 fusion-flex-container nonhundred-percent-fullwidth non-hundred-percent-height-scrolling\" style=\"--awb-border-radius-top-left:0px;--awb-border-radius-top-right:0px;--awb-border-radius-bottom-right:0px;--awb-border-radius-bottom-left:0px;--awb-background-color:#000000;\" ><div class=\"fusion-builder-row fusion-row fusion-flex-align-items-flex-start\" style=\"max-width:1248px;margin-left: calc(-4% \/ 2 );margin-right: calc(-4% \/ 2 );\"><div class=\"fusion-layout-column fusion_builder_column fusion-builder-column-0 fusion_builder_column_1_1 1_1 fusion-flex-column\" style=\"--awb-bg-size:cover;--awb-width-large:100%;--awb-spacing-right-large:1.92%;--awb-spacing-left-large:1.92%;--awb-width-medium:100%;--awb-order-medium:0;--awb-spacing-right-medium:1.92%;--awb-spacing-left-medium:1.92%;--awb-width-small:100%;--awb-order-small:0;--awb-spacing-right-small:1.92%;--awb-spacing-left-small:1.92%;\"><div class=\"fusion-column-wrapper fusion-column-has-shadow fusion-flex-justify-content-flex-start fusion-content-layout-column\"><div class=\"fusion-title title fusion-title-1 fusion-sep-none fusion-title-text fusion-title-size-two borde-derecho-verde\"><h2 class=\"title-heading-left fusion-responsive-typography-calculated\" style=\"margin:0;--fontSize:32;line-height:1.2;\">NOTAS<\/h2><\/div><div class=\"fusion-separator fusion-full-width-sep\" style=\"align-self: center;margin-left: auto;margin-right: auto;margin-top:10px;margin-bottom:10px;width:100%;\"><\/div><div class=\"fusion-post-cards fusion-post-cards-1 fusion-grid-archive enlace-verde\" style=\"--awb-columns:3;\"><ul class=\"fusion-grid fusion-grid-3 fusion-flex-align-items-flex-start fusion-grid-posts-cards fusion-grid-container-infinite\" data-pages=\"1\"><li class=\"fusion-layout-column fusion_builder_column fusion-builder-column-1 fusion-flex-column fusion-column-inner-bg-wrapper post-card fusion-grid-column fusion-post-cards-grid-column\" style=\"--awb-inner-bg-blend:overlay;--awb-inner-bg-size:cover;\"><span class=\"fusion-column-inner-bg hover-type-none\"><a class=\"fusion-column-anchor\" href=\"https:\/\/www.actualidadambiental.pe\/mosaico-purus-manu\/por-que-aumentaron-los-encuentros-con-indigenas-en-aislamiento-en-ucayali-y-madre-de-dios\/\"><span class=\"fusion-column-inner-bg-image\"><\/span><\/a><\/span><div class=\"fusion-column-wrapper fusion-column-has-shadow fusion-flex-justify-content-flex-start fusion-content-layout-column\"><div class=\"fusion-builder-row fusion-builder-row-inner fusion-row fusion-flex-align-items-flex-start\" style=\"width:104% !important;max-width:104% !important;margin-left: calc(-4% \/ 2 );margin-right: calc(-4% \/ 2 );\"><div class=\"fusion-layout-column fusion_builder_column_inner fusion-builder-nested-column-0 fusion_builder_column_inner_1_3 1_3 fusion-flex-column\" style=\"--awb-bg-size:cover;--awb-width-large:33.333333333333%;--awb-spacing-right-large:5.76%;--awb-spacing-left-large:5.76%;--awb-width-medium:33.333333333333%;--awb-order-medium:0;--awb-spacing-right-medium:5.76%;--awb-spacing-left-medium:5.76%;--awb-width-small:100%;--awb-order-small:0;--awb-spacing-right-small:1.92%;--awb-spacing-left-small:1.92%;\"><div class=\"fusion-column-wrapper fusion-column-has-shadow fusion-flex-justify-content-flex-start fusion-content-layout-column\"><div class=\"fusion-classic-product-image-wrapper fusion-woo-product-image fusion-post-card-image fusion-post-card-image-1\" data-layout=\"static\"><div  class=\"fusion-image-wrapper\" aria-haspopup=\"true\">\n\t\t\t\t<img decoding=\"async\" width=\"1501\" height=\"1000\" src=\"https:\/\/www.actualidadambiental.pe\/mosaico-purus-manu\/wp-content\/uploads\/2021\/12\/piaci-drone-manu.jpg\" class=\"attachment-full size-full wp-post-image\" alt=\"\" srcset=\"https:\/\/www.actualidadambiental.pe\/mosaico-purus-manu\/wp-content\/uploads\/2021\/12\/piaci-drone-manu-200x133.jpg 200w, https:\/\/www.actualidadambiental.pe\/mosaico-purus-manu\/wp-content\/uploads\/2021\/12\/piaci-drone-manu-400x266.jpg 400w, https:\/\/www.actualidadambiental.pe\/mosaico-purus-manu\/wp-content\/uploads\/2021\/12\/piaci-drone-manu-600x400.jpg 600w, https:\/\/www.actualidadambiental.pe\/mosaico-purus-manu\/wp-content\/uploads\/2021\/12\/piaci-drone-manu-800x533.jpg 800w, https:\/\/www.actualidadambiental.pe\/mosaico-purus-manu\/wp-content\/uploads\/2021\/12\/piaci-drone-manu-1200x799.jpg 1200w, https:\/\/www.actualidadambiental.pe\/mosaico-purus-manu\/wp-content\/uploads\/2021\/12\/piaci-drone-manu.jpg 1501w\" sizes=\"(min-width: 2200px) 100vw, (min-width: 784px) 373px, (min-width: 712px) 560px, (min-width: 640px) 712px, \" \/><\/div>\n<\/div><\/div><\/div><div class=\"fusion-layout-column fusion_builder_column_inner fusion-builder-nested-column-1 fusion_builder_column_inner_2_3 2_3 fusion-flex-column\" style=\"--awb-bg-size:cover;--awb-width-large:66.666666666667%;--awb-spacing-right-large:2.88%;--awb-spacing-left-large:2.88%;--awb-width-medium:66.666666666667%;--awb-order-medium:0;--awb-spacing-right-medium:2.88%;--awb-spacing-left-medium:2.88%;--awb-width-small:100%;--awb-order-small:0;--awb-spacing-right-small:1.92%;--awb-spacing-left-small:1.92%;\"><div class=\"fusion-column-wrapper fusion-column-has-shadow fusion-flex-justify-content-flex-start fusion-content-layout-column\"><div class=\"fusion-title title fusion-title-2 fusion-sep-none fusion-title-text fusion-title-size-three\" style=\"--awb-margin-top:0px;\"><h3 class=\"title-heading-left fusion-responsive-typography-calculated\" style=\"margin:0;--fontSize:24;--minFontSize:24;line-height:1.3;\">\u00bfPor qu\u00e9 aumentaron los encuentros con ind\u00edgenas en aislamiento?<\/h3><\/div><\/div><\/div><\/div><div class=\"fusion-separator fusion-full-width-sep\" style=\"align-self: center;margin-left: auto;margin-right: auto;margin-top:10%;width:100%;\"><\/div><\/div><\/li>\n<li class=\"fusion-layout-column fusion_builder_column fusion-builder-column-2 fusion-flex-column fusion-column-inner-bg-wrapper post-card fusion-grid-column fusion-post-cards-grid-column\" style=\"--awb-inner-bg-blend:overlay;--awb-inner-bg-size:cover;\"><span class=\"fusion-column-inner-bg hover-type-none\"><a class=\"fusion-column-anchor\" href=\"https:\/\/www.actualidadambiental.pe\/mosaico-purus-manu\/aprovechamiento-sostenible-en-purus-el-huasai-fruto-ancestral-y-oportunidad-economica\/\"><span class=\"fusion-column-inner-bg-image\"><\/span><\/a><\/span><div class=\"fusion-column-wrapper fusion-column-has-shadow fusion-flex-justify-content-flex-start fusion-content-layout-column\"><div class=\"fusion-builder-row fusion-builder-row-inner fusion-row fusion-flex-align-items-flex-start\" style=\"width:104% !important;max-width:104% !important;margin-left: calc(-4% \/ 2 );margin-right: calc(-4% \/ 2 );\"><div class=\"fusion-layout-column fusion_builder_column_inner fusion-builder-nested-column-2 fusion_builder_column_inner_1_3 1_3 fusion-flex-column\" style=\"--awb-bg-size:cover;--awb-width-large:33.333333333333%;--awb-spacing-right-large:5.76%;--awb-spacing-left-large:5.76%;--awb-width-medium:33.333333333333%;--awb-order-medium:0;--awb-spacing-right-medium:5.76%;--awb-spacing-left-medium:5.76%;--awb-width-small:100%;--awb-order-small:0;--awb-spacing-right-small:1.92%;--awb-spacing-left-small:1.92%;\"><div class=\"fusion-column-wrapper fusion-column-has-shadow fusion-flex-justify-content-flex-start fusion-content-layout-column\"><div class=\"fusion-classic-product-image-wrapper fusion-woo-product-image fusion-post-card-image fusion-post-card-image-1\" data-layout=\"static\"><div  class=\"fusion-image-wrapper\" aria-haspopup=\"true\">\n\t\t\t\t<img decoding=\"async\" width=\"1623\" height=\"1000\" src=\"https:\/\/www.actualidadambiental.pe\/mosaico-purus-manu\/wp-content\/uploads\/2021\/11\/huasai-escalador-purus.jpg\" class=\"attachment-full size-full wp-post-image\" alt=\"\" srcset=\"https:\/\/www.actualidadambiental.pe\/mosaico-purus-manu\/wp-content\/uploads\/2021\/11\/huasai-escalador-purus-200x123.jpg 200w, https:\/\/www.actualidadambiental.pe\/mosaico-purus-manu\/wp-content\/uploads\/2021\/11\/huasai-escalador-purus-400x246.jpg 400w, https:\/\/www.actualidadambiental.pe\/mosaico-purus-manu\/wp-content\/uploads\/2021\/11\/huasai-escalador-purus-600x370.jpg 600w, https:\/\/www.actualidadambiental.pe\/mosaico-purus-manu\/wp-content\/uploads\/2021\/11\/huasai-escalador-purus-800x493.jpg 800w, https:\/\/www.actualidadambiental.pe\/mosaico-purus-manu\/wp-content\/uploads\/2021\/11\/huasai-escalador-purus-1200x739.jpg 1200w, https:\/\/www.actualidadambiental.pe\/mosaico-purus-manu\/wp-content\/uploads\/2021\/11\/huasai-escalador-purus.jpg 1623w\" sizes=\"(min-width: 2200px) 100vw, (min-width: 784px) 373px, (min-width: 712px) 560px, (min-width: 640px) 712px, \" \/><\/div>\n<\/div><\/div><\/div><div class=\"fusion-layout-column fusion_builder_column_inner fusion-builder-nested-column-3 fusion_builder_column_inner_2_3 2_3 fusion-flex-column\" style=\"--awb-bg-size:cover;--awb-width-large:66.666666666667%;--awb-spacing-right-large:2.88%;--awb-spacing-left-large:2.88%;--awb-width-medium:66.666666666667%;--awb-order-medium:0;--awb-spacing-right-medium:2.88%;--awb-spacing-left-medium:2.88%;--awb-width-small:100%;--awb-order-small:0;--awb-spacing-right-small:1.92%;--awb-spacing-left-small:1.92%;\"><div class=\"fusion-column-wrapper fusion-column-has-shadow fusion-flex-justify-content-flex-start fusion-content-layout-column\"><div class=\"fusion-title title fusion-title-3 fusion-sep-none fusion-title-text fusion-title-size-three\" style=\"--awb-margin-top:0px;\"><h3 class=\"title-heading-left fusion-responsive-typography-calculated\" style=\"margin:0;--fontSize:24;--minFontSize:24;line-height:1.3;\">El huasa\u00ed: fruto ancestral y oportunidad econ\u00f3mica en Pur\u00fas<\/h3><\/div><\/div><\/div><\/div><div class=\"fusion-separator fusion-full-width-sep\" style=\"align-self: center;margin-left: auto;margin-right: auto;margin-top:10%;width:100%;\"><\/div><\/div><\/li>\n<li class=\"fusion-layout-column fusion_builder_column fusion-builder-column-3 fusion-flex-column fusion-column-inner-bg-wrapper post-card fusion-grid-column fusion-post-cards-grid-column\" style=\"--awb-inner-bg-blend:overlay;--awb-inner-bg-size:cover;\"><span class=\"fusion-column-inner-bg hover-type-none\"><a class=\"fusion-column-anchor\" href=\"https:\/\/www.actualidadambiental.pe\/mosaico-purus-manu\/reserva-comunal-despensa-indigena-biodiversidad\/\"><span class=\"fusion-column-inner-bg-image\"><\/span><\/a><\/span><div class=\"fusion-column-wrapper fusion-column-has-shadow fusion-flex-justify-content-flex-start fusion-content-layout-column\"><div class=\"fusion-builder-row fusion-builder-row-inner fusion-row fusion-flex-align-items-flex-start\" style=\"width:104% !important;max-width:104% !important;margin-left: calc(-4% \/ 2 );margin-right: calc(-4% \/ 2 );\"><div class=\"fusion-layout-column fusion_builder_column_inner fusion-builder-nested-column-4 fusion_builder_column_inner_1_3 1_3 fusion-flex-column\" style=\"--awb-bg-size:cover;--awb-width-large:33.333333333333%;--awb-spacing-right-large:5.76%;--awb-spacing-left-large:5.76%;--awb-width-medium:33.333333333333%;--awb-order-medium:0;--awb-spacing-right-medium:5.76%;--awb-spacing-left-medium:5.76%;--awb-width-small:100%;--awb-order-small:0;--awb-spacing-right-small:1.92%;--awb-spacing-left-small:1.92%;\"><div class=\"fusion-column-wrapper fusion-column-has-shadow fusion-flex-justify-content-flex-start fusion-content-layout-column\"><div class=\"fusion-classic-product-image-wrapper fusion-woo-product-image fusion-post-card-image fusion-post-card-image-1\" data-layout=\"static\"><div  class=\"fusion-image-wrapper\" aria-haspopup=\"true\">\n\t\t\t\t<img decoding=\"async\" width=\"1501\" height=\"1000\" src=\"https:\/\/www.actualidadambiental.pe\/mosaico-purus-manu\/wp-content\/uploads\/2021\/12\/drone-amarakaeri-1.jpg\" class=\"attachment-full size-full wp-post-image\" alt=\"\" srcset=\"https:\/\/www.actualidadambiental.pe\/mosaico-purus-manu\/wp-content\/uploads\/2021\/12\/drone-amarakaeri-1-200x133.jpg 200w, https:\/\/www.actualidadambiental.pe\/mosaico-purus-manu\/wp-content\/uploads\/2021\/12\/drone-amarakaeri-1-400x266.jpg 400w, https:\/\/www.actualidadambiental.pe\/mosaico-purus-manu\/wp-content\/uploads\/2021\/12\/drone-amarakaeri-1-600x400.jpg 600w, https:\/\/www.actualidadambiental.pe\/mosaico-purus-manu\/wp-content\/uploads\/2021\/12\/drone-amarakaeri-1-800x533.jpg 800w, https:\/\/www.actualidadambiental.pe\/mosaico-purus-manu\/wp-content\/uploads\/2021\/12\/drone-amarakaeri-1-1200x799.jpg 1200w, https:\/\/www.actualidadambiental.pe\/mosaico-purus-manu\/wp-content\/uploads\/2021\/12\/drone-amarakaeri-1.jpg 1501w\" sizes=\"(min-width: 2200px) 100vw, (min-width: 784px) 373px, (min-width: 712px) 560px, (min-width: 640px) 712px, \" \/><\/div>\n<\/div><\/div><\/div><div class=\"fusion-layout-column fusion_builder_column_inner fusion-builder-nested-column-5 fusion_builder_column_inner_2_3 2_3 fusion-flex-column\" style=\"--awb-bg-size:cover;--awb-width-large:66.666666666667%;--awb-spacing-right-large:2.88%;--awb-spacing-left-large:2.88%;--awb-width-medium:66.666666666667%;--awb-order-medium:0;--awb-spacing-right-medium:2.88%;--awb-spacing-left-medium:2.88%;--awb-width-small:100%;--awb-order-small:0;--awb-spacing-right-small:1.92%;--awb-spacing-left-small:1.92%;\"><div class=\"fusion-column-wrapper fusion-column-has-shadow fusion-flex-justify-content-flex-start fusion-content-layout-column\"><div class=\"fusion-title title fusion-title-4 fusion-sep-none fusion-title-text fusion-title-size-three\" style=\"--awb-margin-top:0px;\"><h3 class=\"title-heading-left fusion-responsive-typography-calculated\" style=\"margin:0;--fontSize:24;--minFontSize:24;line-height:1.3;\">Reserva Comunal Amarakaeri: despensa ind\u00edgena amenazada<\/h3><\/div><\/div><\/div><\/div><div class=\"fusion-separator fusion-full-width-sep\" style=\"align-self: center;margin-left: auto;margin-right: auto;margin-top:10%;width:100%;\"><\/div><\/div><\/li>\n<li class=\"fusion-layout-column fusion_builder_column fusion-builder-column-4 fusion-flex-column fusion-column-inner-bg-wrapper post-card fusion-grid-column fusion-post-cards-grid-column\" style=\"--awb-inner-bg-blend:overlay;--awb-inner-bg-size:cover;\"><span class=\"fusion-column-inner-bg hover-type-none\"><a class=\"fusion-column-anchor\" href=\"https:\/\/www.actualidadambiental.pe\/mosaico-purus-manu\/parque-del-manu-el-mayor-depredador-de-la-taricaya-aun-es-el-ser-humano\/\"><span class=\"fusion-column-inner-bg-image\"><\/span><\/a><\/span><div class=\"fusion-column-wrapper fusion-column-has-shadow fusion-flex-justify-content-flex-start fusion-content-layout-column\"><div class=\"fusion-builder-row fusion-builder-row-inner fusion-row fusion-flex-align-items-flex-start\" style=\"width:104% !important;max-width:104% !important;margin-left: calc(-4% \/ 2 );margin-right: calc(-4% \/ 2 );\"><div class=\"fusion-layout-column fusion_builder_column_inner fusion-builder-nested-column-6 fusion_builder_column_inner_1_3 1_3 fusion-flex-column\" style=\"--awb-bg-size:cover;--awb-width-large:33.333333333333%;--awb-spacing-right-large:5.76%;--awb-spacing-left-large:5.76%;--awb-width-medium:33.333333333333%;--awb-order-medium:0;--awb-spacing-right-medium:5.76%;--awb-spacing-left-medium:5.76%;--awb-width-small:100%;--awb-order-small:0;--awb-spacing-right-small:1.92%;--awb-spacing-left-small:1.92%;\"><div class=\"fusion-column-wrapper fusion-column-has-shadow fusion-flex-justify-content-flex-start fusion-content-layout-column\"><div class=\"fusion-classic-product-image-wrapper fusion-woo-product-image fusion-post-card-image fusion-post-card-image-1\" data-layout=\"static\"><div  class=\"fusion-image-wrapper\" aria-haspopup=\"true\">\n\t\t\t\t<img decoding=\"async\" width=\"2560\" height=\"1707\" src=\"https:\/\/www.actualidadambiental.pe\/mosaico-purus-manu\/wp-content\/uploads\/2021\/12\/investigacion-taricaya-manu-scaled.jpg\" class=\"attachment-full size-full wp-post-image\" alt=\"\" srcset=\"https:\/\/www.actualidadambiental.pe\/mosaico-purus-manu\/wp-content\/uploads\/2021\/12\/investigacion-taricaya-manu-200x133.jpg 200w, https:\/\/www.actualidadambiental.pe\/mosaico-purus-manu\/wp-content\/uploads\/2021\/12\/investigacion-taricaya-manu-400x267.jpg 400w, https:\/\/www.actualidadambiental.pe\/mosaico-purus-manu\/wp-content\/uploads\/2021\/12\/investigacion-taricaya-manu-600x400.jpg 600w, https:\/\/www.actualidadambiental.pe\/mosaico-purus-manu\/wp-content\/uploads\/2021\/12\/investigacion-taricaya-manu-800x533.jpg 800w, https:\/\/www.actualidadambiental.pe\/mosaico-purus-manu\/wp-content\/uploads\/2021\/12\/investigacion-taricaya-manu-1200x800.jpg 1200w, https:\/\/www.actualidadambiental.pe\/mosaico-purus-manu\/wp-content\/uploads\/2021\/12\/investigacion-taricaya-manu-scaled.jpg 2560w\" sizes=\"(min-width: 2200px) 100vw, (min-width: 784px) 373px, (min-width: 712px) 560px, (min-width: 640px) 712px, \" \/><\/div>\n<\/div><\/div><\/div><div class=\"fusion-layout-column fusion_builder_column_inner fusion-builder-nested-column-7 fusion_builder_column_inner_2_3 2_3 fusion-flex-column\" style=\"--awb-bg-size:cover;--awb-width-large:66.666666666667%;--awb-spacing-right-large:2.88%;--awb-spacing-left-large:2.88%;--awb-width-medium:66.666666666667%;--awb-order-medium:0;--awb-spacing-right-medium:2.88%;--awb-spacing-left-medium:2.88%;--awb-width-small:100%;--awb-order-small:0;--awb-spacing-right-small:1.92%;--awb-spacing-left-small:1.92%;\"><div class=\"fusion-column-wrapper fusion-column-has-shadow fusion-flex-justify-content-flex-start fusion-content-layout-column\"><div class=\"fusion-title title fusion-title-5 fusion-sep-none fusion-title-text fusion-title-size-three\" style=\"--awb-margin-top:0px;\"><h3 class=\"title-heading-left fusion-responsive-typography-calculated\" style=\"margin:0;--fontSize:24;--minFontSize:24;line-height:1.3;\">El ser humano: el mayor depredador de la taricaya<\/h3><\/div><\/div><\/div><\/div><div class=\"fusion-separator fusion-full-width-sep\" style=\"align-self: center;margin-left: auto;margin-right: auto;margin-top:10%;width:100%;\"><\/div><\/div><\/li>\n<li class=\"fusion-layout-column fusion_builder_column fusion-builder-column-5 fusion-flex-column fusion-column-inner-bg-wrapper post-card fusion-grid-column fusion-post-cards-grid-column\" style=\"--awb-inner-bg-blend:overlay;--awb-inner-bg-size:cover;\"><span class=\"fusion-column-inner-bg hover-type-none\"><a class=\"fusion-column-anchor\" href=\"https:\/\/www.actualidadambiental.pe\/mosaico-purus-manu\/cocha-cashu-mas-de-50-anos-al-servicio-de-la-investigacion-en-la-amazonia\/\"><span class=\"fusion-column-inner-bg-image\"><\/span><\/a><\/span><div class=\"fusion-column-wrapper fusion-column-has-shadow fusion-flex-justify-content-flex-start fusion-content-layout-column\"><div class=\"fusion-builder-row fusion-builder-row-inner fusion-row fusion-flex-align-items-flex-start\" style=\"width:104% !important;max-width:104% !important;margin-left: calc(-4% \/ 2 );margin-right: calc(-4% \/ 2 );\"><div class=\"fusion-layout-column fusion_builder_column_inner fusion-builder-nested-column-8 fusion_builder_column_inner_1_3 1_3 fusion-flex-column\" style=\"--awb-bg-size:cover;--awb-width-large:33.333333333333%;--awb-spacing-right-large:5.76%;--awb-spacing-left-large:5.76%;--awb-width-medium:33.333333333333%;--awb-order-medium:0;--awb-spacing-right-medium:5.76%;--awb-spacing-left-medium:5.76%;--awb-width-small:100%;--awb-order-small:0;--awb-spacing-right-small:1.92%;--awb-spacing-left-small:1.92%;\"><div class=\"fusion-column-wrapper fusion-column-has-shadow fusion-flex-justify-content-flex-start fusion-content-layout-column\"><div class=\"fusion-classic-product-image-wrapper fusion-woo-product-image fusion-post-card-image fusion-post-card-image-1\" data-layout=\"static\"><div  class=\"fusion-image-wrapper\" aria-haspopup=\"true\">\n\t\t\t\t<img decoding=\"async\" width=\"2560\" height=\"1640\" src=\"https:\/\/www.actualidadambiental.pe\/mosaico-purus-manu\/wp-content\/uploads\/2021\/11\/cocha-cashu-manu-scaled.jpg\" class=\"attachment-full size-full wp-post-image\" alt=\"\" srcset=\"https:\/\/www.actualidadambiental.pe\/mosaico-purus-manu\/wp-content\/uploads\/2021\/11\/cocha-cashu-manu-200x128.jpg 200w, https:\/\/www.actualidadambiental.pe\/mosaico-purus-manu\/wp-content\/uploads\/2021\/11\/cocha-cashu-manu-400x256.jpg 400w, https:\/\/www.actualidadambiental.pe\/mosaico-purus-manu\/wp-content\/uploads\/2021\/11\/cocha-cashu-manu-600x384.jpg 600w, https:\/\/www.actualidadambiental.pe\/mosaico-purus-manu\/wp-content\/uploads\/2021\/11\/cocha-cashu-manu-800x513.jpg 800w, https:\/\/www.actualidadambiental.pe\/mosaico-purus-manu\/wp-content\/uploads\/2021\/11\/cocha-cashu-manu-1200x769.jpg 1200w, https:\/\/www.actualidadambiental.pe\/mosaico-purus-manu\/wp-content\/uploads\/2021\/11\/cocha-cashu-manu-scaled.jpg 2560w\" sizes=\"(min-width: 2200px) 100vw, (min-width: 784px) 373px, (min-width: 712px) 560px, (min-width: 640px) 712px, \" \/><\/div>\n<\/div><\/div><\/div><div class=\"fusion-layout-column fusion_builder_column_inner fusion-builder-nested-column-9 fusion_builder_column_inner_2_3 2_3 fusion-flex-column\" style=\"--awb-bg-size:cover;--awb-width-large:66.666666666667%;--awb-spacing-right-large:2.88%;--awb-spacing-left-large:2.88%;--awb-width-medium:66.666666666667%;--awb-order-medium:0;--awb-spacing-right-medium:2.88%;--awb-spacing-left-medium:2.88%;--awb-width-small:100%;--awb-order-small:0;--awb-spacing-right-small:1.92%;--awb-spacing-left-small:1.92%;\"><div class=\"fusion-column-wrapper fusion-column-has-shadow fusion-flex-justify-content-flex-start fusion-content-layout-column\"><div class=\"fusion-title title fusion-title-6 fusion-sep-none fusion-title-text fusion-title-size-three\" style=\"--awb-margin-top:0px;\"><h3 class=\"title-heading-left fusion-responsive-typography-calculated\" style=\"margin:0;--fontSize:24;--minFontSize:24;line-height:1.3;\">Cocha Cashu: m\u00e1s de 50 a\u00f1os al servicio de la investigaci\u00f3n en la Amazon\u00eda<\/h3><\/div><\/div><\/div><\/div><div class=\"fusion-separator fusion-full-width-sep\" style=\"align-self: center;margin-left: auto;margin-right: auto;margin-top:10%;width:100%;\"><\/div><\/div><\/li>\n<li class=\"fusion-layout-column fusion_builder_column fusion-builder-column-6 fusion-flex-column fusion-column-inner-bg-wrapper post-card fusion-grid-column fusion-post-cards-grid-column\" style=\"--awb-inner-bg-blend:overlay;--awb-inner-bg-size:cover;\"><span class=\"fusion-column-inner-bg hover-type-none\"><a class=\"fusion-column-anchor\" href=\"https:\/\/www.actualidadambiental.pe\/mosaico-purus-manu\/entrevista-rafael-pino\/\"><span class=\"fusion-column-inner-bg-image\"><\/span><\/a><\/span><div class=\"fusion-column-wrapper fusion-column-has-shadow fusion-flex-justify-content-flex-start fusion-content-layout-column\"><div class=\"fusion-builder-row fusion-builder-row-inner fusion-row fusion-flex-align-items-flex-start\" style=\"width:104% !important;max-width:104% !important;margin-left: calc(-4% \/ 2 );margin-right: calc(-4% \/ 2 );\"><div class=\"fusion-layout-column fusion_builder_column_inner fusion-builder-nested-column-10 fusion_builder_column_inner_1_3 1_3 fusion-flex-column\" style=\"--awb-bg-size:cover;--awb-width-large:33.333333333333%;--awb-spacing-right-large:5.76%;--awb-spacing-left-large:5.76%;--awb-width-medium:33.333333333333%;--awb-order-medium:0;--awb-spacing-right-medium:5.76%;--awb-spacing-left-medium:5.76%;--awb-width-small:100%;--awb-order-small:0;--awb-spacing-right-small:1.92%;--awb-spacing-left-small:1.92%;\"><div class=\"fusion-column-wrapper fusion-column-has-shadow fusion-flex-justify-content-flex-start fusion-content-layout-column\"><div class=\"fusion-classic-product-image-wrapper fusion-woo-product-image fusion-post-card-image fusion-post-card-image-1\" data-layout=\"static\"><div  class=\"fusion-image-wrapper\" aria-haspopup=\"true\">\n\t\t\t\t<img decoding=\"async\" width=\"1500\" height=\"1000\" src=\"https:\/\/www.actualidadambiental.pe\/mosaico-purus-manu\/wp-content\/uploads\/2021\/12\/teparo-mano-tortuga-purus.jpg\" class=\"attachment-full size-full wp-post-image\" alt=\"\" srcset=\"https:\/\/www.actualidadambiental.pe\/mosaico-purus-manu\/wp-content\/uploads\/2021\/12\/teparo-mano-tortuga-purus-200x133.jpg 200w, https:\/\/www.actualidadambiental.pe\/mosaico-purus-manu\/wp-content\/uploads\/2021\/12\/teparo-mano-tortuga-purus-400x267.jpg 400w, https:\/\/www.actualidadambiental.pe\/mosaico-purus-manu\/wp-content\/uploads\/2021\/12\/teparo-mano-tortuga-purus-600x400.jpg 600w, https:\/\/www.actualidadambiental.pe\/mosaico-purus-manu\/wp-content\/uploads\/2021\/12\/teparo-mano-tortuga-purus-800x533.jpg 800w, https:\/\/www.actualidadambiental.pe\/mosaico-purus-manu\/wp-content\/uploads\/2021\/12\/teparo-mano-tortuga-purus-1200x800.jpg 1200w, https:\/\/www.actualidadambiental.pe\/mosaico-purus-manu\/wp-content\/uploads\/2021\/12\/teparo-mano-tortuga-purus.jpg 1500w\" sizes=\"(min-width: 2200px) 100vw, (min-width: 784px) 373px, (min-width: 712px) 560px, (min-width: 640px) 712px, \" \/><\/div>\n<\/div><\/div><\/div><div class=\"fusion-layout-column fusion_builder_column_inner fusion-builder-nested-column-11 fusion_builder_column_inner_2_3 2_3 fusion-flex-column\" style=\"--awb-bg-size:cover;--awb-width-large:66.666666666667%;--awb-spacing-right-large:2.88%;--awb-spacing-left-large:2.88%;--awb-width-medium:66.666666666667%;--awb-order-medium:0;--awb-spacing-right-medium:2.88%;--awb-spacing-left-medium:2.88%;--awb-width-small:100%;--awb-order-small:0;--awb-spacing-right-small:1.92%;--awb-spacing-left-small:1.92%;\"><div class=\"fusion-column-wrapper fusion-column-has-shadow fusion-flex-justify-content-flex-start fusion-content-layout-column\"><div class=\"fusion-title title fusion-title-7 fusion-sep-none fusion-title-text fusion-title-size-three\" style=\"--awb-margin-top:0px;\"><h3 class=\"title-heading-left fusion-responsive-typography-calculated\" style=\"margin:0;--fontSize:24;--minFontSize:24;line-height:1.3;\">Rafael Pino: \u201cCon las \u00e1reas protegidas se da seguridad a las familias\u201d<\/h3><\/div><\/div><\/div><\/div><div class=\"fusion-separator fusion-full-width-sep\" style=\"align-self: center;margin-left: auto;margin-right: auto;margin-top:10%;width:100%;\"><\/div><\/div><\/li>\n<li class=\"fusion-layout-column fusion_builder_column fusion-builder-column-7 fusion-flex-column fusion-column-inner-bg-wrapper post-card fusion-grid-column fusion-post-cards-grid-column\" style=\"--awb-inner-bg-blend:overlay;--awb-inner-bg-size:cover;\"><span class=\"fusion-column-inner-bg hover-type-none\"><a class=\"fusion-column-anchor\" href=\"https:\/\/www.actualidadambiental.pe\/mosaico-purus-manu\/julio-cusurichi-defendemos-no-solo-a-los-indigenas-sino-el-planeta\/\"><span class=\"fusion-column-inner-bg-image\"><\/span><\/a><\/span><div class=\"fusion-column-wrapper fusion-column-has-shadow fusion-flex-justify-content-flex-start fusion-content-layout-column\"><div class=\"fusion-builder-row fusion-builder-row-inner fusion-row fusion-flex-align-items-flex-start\" style=\"width:104% !important;max-width:104% !important;margin-left: calc(-4% \/ 2 );margin-right: calc(-4% \/ 2 );\"><div class=\"fusion-layout-column fusion_builder_column_inner fusion-builder-nested-column-12 fusion_builder_column_inner_1_3 1_3 fusion-flex-column\" style=\"--awb-bg-size:cover;--awb-width-large:33.333333333333%;--awb-spacing-right-large:5.76%;--awb-spacing-left-large:5.76%;--awb-width-medium:33.333333333333%;--awb-order-medium:0;--awb-spacing-right-medium:5.76%;--awb-spacing-left-medium:5.76%;--awb-width-small:100%;--awb-order-small:0;--awb-spacing-right-small:1.92%;--awb-spacing-left-small:1.92%;\"><div class=\"fusion-column-wrapper fusion-column-has-shadow fusion-flex-justify-content-flex-start fusion-content-layout-column\"><div class=\"fusion-classic-product-image-wrapper fusion-woo-product-image fusion-post-card-image fusion-post-card-image-1\" data-layout=\"static\"><div  class=\"fusion-image-wrapper\" aria-haspopup=\"true\">\n\t\t\t\t<img decoding=\"async\" width=\"1500\" height=\"1000\" src=\"https:\/\/www.actualidadambiental.pe\/mosaico-purus-manu\/wp-content\/uploads\/2021\/12\/julio-cusurichi-fenamad.jpg\" class=\"attachment-full size-full wp-post-image\" alt=\"\" srcset=\"https:\/\/www.actualidadambiental.pe\/mosaico-purus-manu\/wp-content\/uploads\/2021\/12\/julio-cusurichi-fenamad-200x133.jpg 200w, https:\/\/www.actualidadambiental.pe\/mosaico-purus-manu\/wp-content\/uploads\/2021\/12\/julio-cusurichi-fenamad-400x267.jpg 400w, https:\/\/www.actualidadambiental.pe\/mosaico-purus-manu\/wp-content\/uploads\/2021\/12\/julio-cusurichi-fenamad-600x400.jpg 600w, https:\/\/www.actualidadambiental.pe\/mosaico-purus-manu\/wp-content\/uploads\/2021\/12\/julio-cusurichi-fenamad-800x533.jpg 800w, https:\/\/www.actualidadambiental.pe\/mosaico-purus-manu\/wp-content\/uploads\/2021\/12\/julio-cusurichi-fenamad-1200x800.jpg 1200w, https:\/\/www.actualidadambiental.pe\/mosaico-purus-manu\/wp-content\/uploads\/2021\/12\/julio-cusurichi-fenamad.jpg 1500w\" sizes=\"(min-width: 2200px) 100vw, (min-width: 784px) 373px, (min-width: 712px) 560px, (min-width: 640px) 712px, \" \/><\/div>\n<\/div><\/div><\/div><div class=\"fusion-layout-column fusion_builder_column_inner fusion-builder-nested-column-13 fusion_builder_column_inner_2_3 2_3 fusion-flex-column\" style=\"--awb-bg-size:cover;--awb-width-large:66.666666666667%;--awb-spacing-right-large:2.88%;--awb-spacing-left-large:2.88%;--awb-width-medium:66.666666666667%;--awb-order-medium:0;--awb-spacing-right-medium:2.88%;--awb-spacing-left-medium:2.88%;--awb-width-small:100%;--awb-order-small:0;--awb-spacing-right-small:1.92%;--awb-spacing-left-small:1.92%;\"><div class=\"fusion-column-wrapper fusion-column-has-shadow fusion-flex-justify-content-flex-start fusion-content-layout-column\"><div class=\"fusion-title title fusion-title-8 fusion-sep-none fusion-title-text fusion-title-size-three\" style=\"--awb-margin-top:0px;\"><h3 class=\"title-heading-left fusion-responsive-typography-calculated\" style=\"margin:0;--fontSize:24;--minFontSize:24;line-height:1.3;\">Julio Cusurichi: \u201cDefendemos no solo a los ind\u00edgenas sino el planeta\u201d<\/h3><\/div><\/div><\/div><\/div><div class=\"fusion-separator fusion-full-width-sep\" style=\"align-self: center;margin-left: auto;margin-right: auto;margin-top:10%;width:100%;\"><\/div><\/div><\/li>\n<li class=\"fusion-layout-column fusion_builder_column fusion-builder-column-8 fusion-flex-column fusion-column-inner-bg-wrapper post-card fusion-grid-column fusion-post-cards-grid-column\" style=\"--awb-inner-bg-blend:overlay;--awb-inner-bg-size:cover;\"><span class=\"fusion-column-inner-bg hover-type-none\"><a class=\"fusion-column-anchor\" href=\"https:\/\/www.actualidadambiental.pe\/mosaico-purus-manu\/cinco-lugares-para-conocer-la-naturaleza-cultura-e-historia-del-paisaje-purus-manu\/\"><span class=\"fusion-column-inner-bg-image\"><\/span><\/a><\/span><div class=\"fusion-column-wrapper fusion-column-has-shadow fusion-flex-justify-content-flex-start fusion-content-layout-column\"><div class=\"fusion-builder-row fusion-builder-row-inner fusion-row fusion-flex-align-items-flex-start\" style=\"width:104% !important;max-width:104% !important;margin-left: calc(-4% \/ 2 );margin-right: calc(-4% \/ 2 );\"><div class=\"fusion-layout-column fusion_builder_column_inner fusion-builder-nested-column-14 fusion_builder_column_inner_1_3 1_3 fusion-flex-column\" style=\"--awb-bg-size:cover;--awb-width-large:33.333333333333%;--awb-spacing-right-large:5.76%;--awb-spacing-left-large:5.76%;--awb-width-medium:33.333333333333%;--awb-order-medium:0;--awb-spacing-right-medium:5.76%;--awb-spacing-left-medium:5.76%;--awb-width-small:100%;--awb-order-small:0;--awb-spacing-right-small:1.92%;--awb-spacing-left-small:1.92%;\"><div class=\"fusion-column-wrapper fusion-column-has-shadow fusion-flex-justify-content-flex-start fusion-content-layout-column\"><div class=\"fusion-classic-product-image-wrapper fusion-woo-product-image fusion-post-card-image fusion-post-card-image-1\" data-layout=\"static\"><div  class=\"fusion-image-wrapper\" aria-haspopup=\"true\">\n\t\t\t\t<img decoding=\"async\" width=\"1500\" height=\"1000\" src=\"https:\/\/www.actualidadambiental.pe\/mosaico-purus-manu\/wp-content\/uploads\/2021\/12\/eddy-salto-turismo-shintuya.jpg\" class=\"attachment-full size-full wp-post-image\" alt=\"\" srcset=\"https:\/\/www.actualidadambiental.pe\/mosaico-purus-manu\/wp-content\/uploads\/2021\/12\/eddy-salto-turismo-shintuya-200x133.jpg 200w, https:\/\/www.actualidadambiental.pe\/mosaico-purus-manu\/wp-content\/uploads\/2021\/12\/eddy-salto-turismo-shintuya-400x267.jpg 400w, https:\/\/www.actualidadambiental.pe\/mosaico-purus-manu\/wp-content\/uploads\/2021\/12\/eddy-salto-turismo-shintuya-600x400.jpg 600w, https:\/\/www.actualidadambiental.pe\/mosaico-purus-manu\/wp-content\/uploads\/2021\/12\/eddy-salto-turismo-shintuya-800x533.jpg 800w, https:\/\/www.actualidadambiental.pe\/mosaico-purus-manu\/wp-content\/uploads\/2021\/12\/eddy-salto-turismo-shintuya-1200x800.jpg 1200w, https:\/\/www.actualidadambiental.pe\/mosaico-purus-manu\/wp-content\/uploads\/2021\/12\/eddy-salto-turismo-shintuya.jpg 1500w\" sizes=\"(min-width: 2200px) 100vw, (min-width: 784px) 373px, (min-width: 712px) 560px, (min-width: 640px) 712px, \" \/><\/div>\n<\/div><\/div><\/div><div class=\"fusion-layout-column fusion_builder_column_inner fusion-builder-nested-column-15 fusion_builder_column_inner_2_3 2_3 fusion-flex-column\" style=\"--awb-bg-size:cover;--awb-width-large:66.666666666667%;--awb-spacing-right-large:2.88%;--awb-spacing-left-large:2.88%;--awb-width-medium:66.666666666667%;--awb-order-medium:0;--awb-spacing-right-medium:2.88%;--awb-spacing-left-medium:2.88%;--awb-width-small:100%;--awb-order-small:0;--awb-spacing-right-small:1.92%;--awb-spacing-left-small:1.92%;\"><div class=\"fusion-column-wrapper fusion-column-has-shadow fusion-flex-justify-content-flex-start fusion-content-layout-column\"><div class=\"fusion-title title fusion-title-9 fusion-sep-none fusion-title-text fusion-title-size-three\" style=\"--awb-margin-top:0px;\"><h3 class=\"title-heading-left fusion-responsive-typography-calculated\" style=\"margin:0;--fontSize:24;--minFontSize:24;line-height:1.3;\">Cinco lugares para conocer la naturaleza, cultura e historia del Paisaje Pur\u00fas \u2013 Manu<\/h3><\/div><\/div><\/div><\/div><div class=\"fusion-separator fusion-full-width-sep\" style=\"align-self: center;margin-left: auto;margin-right: auto;margin-top:10%;width:100%;\"><\/div><\/div><\/li>\n<li class=\"fusion-layout-column fusion_builder_column fusion-builder-column-9 fusion-flex-column fusion-column-inner-bg-wrapper post-card fusion-grid-column fusion-post-cards-grid-column\" style=\"--awb-inner-bg-blend:overlay;--awb-inner-bg-size:cover;\"><span class=\"fusion-column-inner-bg hover-type-none\"><a class=\"fusion-column-anchor\" href=\"https:\/\/www.actualidadambiental.pe\/mosaico-purus-manu\/que-leyes-y-normas-protegen-el-mosaico-purus-manu\/\"><span class=\"fusion-column-inner-bg-image\"><\/span><\/a><\/span><div class=\"fusion-column-wrapper fusion-column-has-shadow fusion-flex-justify-content-flex-start fusion-content-layout-column\"><div class=\"fusion-builder-row fusion-builder-row-inner fusion-row fusion-flex-align-items-flex-start\" style=\"width:104% !important;max-width:104% !important;margin-left: calc(-4% \/ 2 );margin-right: calc(-4% \/ 2 );\"><div class=\"fusion-layout-column fusion_builder_column_inner fusion-builder-nested-column-16 fusion_builder_column_inner_1_3 1_3 fusion-flex-column\" style=\"--awb-bg-size:cover;--awb-width-large:33.333333333333%;--awb-spacing-right-large:5.76%;--awb-spacing-left-large:5.76%;--awb-width-medium:33.333333333333%;--awb-order-medium:0;--awb-spacing-right-medium:5.76%;--awb-spacing-left-medium:5.76%;--awb-width-small:100%;--awb-order-small:0;--awb-spacing-right-small:1.92%;--awb-spacing-left-small:1.92%;\"><div class=\"fusion-column-wrapper fusion-column-has-shadow fusion-flex-justify-content-flex-start fusion-content-layout-column\"><div class=\"fusion-classic-product-image-wrapper fusion-woo-product-image fusion-post-card-image fusion-post-card-image-1\" data-layout=\"static\"><div  class=\"fusion-image-wrapper\" aria-haspopup=\"true\">\n\t\t\t\t<img decoding=\"async\" width=\"1575\" height=\"1000\" src=\"https:\/\/www.actualidadambiental.pe\/mosaico-purus-manu\/wp-content\/uploads\/2021\/12\/mujeres-bebe-ucayali.jpg\" class=\"attachment-full size-full wp-post-image\" alt=\"\" srcset=\"https:\/\/www.actualidadambiental.pe\/mosaico-purus-manu\/wp-content\/uploads\/2021\/12\/mujeres-bebe-ucayali-200x127.jpg 200w, https:\/\/www.actualidadambiental.pe\/mosaico-purus-manu\/wp-content\/uploads\/2021\/12\/mujeres-bebe-ucayali-400x254.jpg 400w, https:\/\/www.actualidadambiental.pe\/mosaico-purus-manu\/wp-content\/uploads\/2021\/12\/mujeres-bebe-ucayali-600x381.jpg 600w, https:\/\/www.actualidadambiental.pe\/mosaico-purus-manu\/wp-content\/uploads\/2021\/12\/mujeres-bebe-ucayali-800x508.jpg 800w, https:\/\/www.actualidadambiental.pe\/mosaico-purus-manu\/wp-content\/uploads\/2021\/12\/mujeres-bebe-ucayali-1200x762.jpg 1200w, https:\/\/www.actualidadambiental.pe\/mosaico-purus-manu\/wp-content\/uploads\/2021\/12\/mujeres-bebe-ucayali.jpg 1575w\" sizes=\"(min-width: 2200px) 100vw, (min-width: 784px) 373px, (min-width: 712px) 560px, (min-width: 640px) 712px, \" \/><\/div>\n<\/div><\/div><\/div><div class=\"fusion-layout-column fusion_builder_column_inner fusion-builder-nested-column-17 fusion_builder_column_inner_2_3 2_3 fusion-flex-column\" style=\"--awb-bg-size:cover;--awb-width-large:66.666666666667%;--awb-spacing-right-large:2.88%;--awb-spacing-left-large:2.88%;--awb-width-medium:66.666666666667%;--awb-order-medium:0;--awb-spacing-right-medium:2.88%;--awb-spacing-left-medium:2.88%;--awb-width-small:100%;--awb-order-small:0;--awb-spacing-right-small:1.92%;--awb-spacing-left-small:1.92%;\"><div class=\"fusion-column-wrapper fusion-column-has-shadow fusion-flex-justify-content-flex-start fusion-content-layout-column\"><div class=\"fusion-title title fusion-title-10 fusion-sep-none fusion-title-text fusion-title-size-three\" style=\"--awb-margin-top:0px;\"><h3 class=\"title-heading-left fusion-responsive-typography-calculated\" style=\"margin:0;--fontSize:24;--minFontSize:24;line-height:1.3;\">\u00bfQu\u00e9 leyes y normas protegen el Mosaico Pur\u00fas &#8211; Manu?<\/h3><\/div><\/div><\/div><\/div><div class=\"fusion-separator fusion-full-width-sep\" style=\"align-self: center;margin-left: auto;margin-right: auto;margin-top:10%;width:100%;\"><\/div><\/div><\/li>\n<\/ul><\/div><\/div><\/div><\/div><\/div>\n","protected":false},"excerpt":{"rendered":"","protected":false},"author":1,"featured_media":0,"parent":0,"menu_order":0,"comment_status":"closed","ping_status":"closed","template":"100-width.php","meta":{"footnotes":""},"class_list":["post-900","page","type-page","status-publish","hentry"],"yoast_head":"<!-- This site is optimized with the Yoast SEO plugin v25.0 - https:\/\/yoast.com\/wordpress\/plugins\/seo\/ -->\n<title>Notas - PUR\u00daS MANU<\/title>\n<meta name=\"robots\" content=\"index, follow, max-snippet:-1, max-image-preview:large, max-video-preview:-1\" \/>\n<link rel=\"canonical\" href=\"https:\/\/www.actualidadambiental.pe\/mosaico-purus-manu\/notas\/\" \/>\n<meta property=\"og:locale\" content=\"es_ES\" \/>\n<meta property=\"og:type\" content=\"article\" \/>\n<meta property=\"og:title\" content=\"Notas - PUR\u00daS MANU\" \/>\n<meta property=\"og:url\" content=\"https:\/\/www.actualidadambiental.pe\/mosaico-purus-manu\/notas\/\" \/>\n<meta property=\"og:site_name\" content=\"PUR\u00daS MANU\" \/>\n<meta property=\"article:modified_time\" content=\"2022-03-02T22:12:11+00:00\" \/>\n<meta name=\"twitter:card\" content=\"summary_large_image\" \/>\n<meta name=\"twitter:label1\" content=\"Tiempo de lectura\" \/>\n\t<meta name=\"twitter:data1\" content=\"4 minutos\" \/>\n<script type=\"application\/ld+json\" class=\"yoast-schema-graph\">{\"@context\":\"https:\/\/schema.org\",\"@graph\":[{\"@type\":\"WebPage\",\"@id\":\"https:\/\/www.actualidadambiental.pe\/mosaico-purus-manu\/notas\/\",\"url\":\"https:\/\/www.actualidadambiental.pe\/mosaico-purus-manu\/notas\/\",\"name\":\"Notas - PUR\u00daS MANU\",\"isPartOf\":{\"@id\":\"https:\/\/www.actualidadambiental.pe\/mosaico-purus-manu\/#website\"},\"datePublished\":\"2022-01-27T11:43:46+00:00\",\"dateModified\":\"2022-03-02T22:12:11+00:00\",\"breadcrumb\":{\"@id\":\"https:\/\/www.actualidadambiental.pe\/mosaico-purus-manu\/notas\/#breadcrumb\"},\"inLanguage\":\"es\",\"potentialAction\":[{\"@type\":\"ReadAction\",\"target\":[\"https:\/\/www.actualidadambiental.pe\/mosaico-purus-manu\/notas\/\"]}]},{\"@type\":\"BreadcrumbList\",\"@id\":\"https:\/\/www.actualidadambiental.pe\/mosaico-purus-manu\/notas\/#breadcrumb\",\"itemListElement\":[{\"@type\":\"ListItem\",\"position\":1,\"name\":\"Portada\",\"item\":\"https:\/\/www.actualidadambiental.pe\/mosaico-purus-manu\/\"},{\"@type\":\"ListItem\",\"position\":2,\"name\":\"Notas\"}]},{\"@type\":\"WebSite\",\"@id\":\"https:\/\/www.actualidadambiental.pe\/mosaico-purus-manu\/#website\",\"url\":\"https:\/\/www.actualidadambiental.pe\/mosaico-purus-manu\/\",\"name\":\"PUR\u00daS MANU\",\"description\":\"Historias desde el coraz\u00f3n del mosaico\",\"potentialAction\":[{\"@type\":\"SearchAction\",\"target\":{\"@type\":\"EntryPoint\",\"urlTemplate\":\"https:\/\/www.actualidadambiental.pe\/mosaico-purus-manu\/?s={search_term_string}\"},\"query-input\":{\"@type\":\"PropertyValueSpecification\",\"valueRequired\":true,\"valueName\":\"search_term_string\"}}],\"inLanguage\":\"es\"}]}<\/script>\n<!-- \/ Yoast SEO plugin. -->","yoast_head_json":{"title":"Notas - PUR\u00daS MANU","robots":{"index":"index","follow":"follow","max-snippet":"max-snippet:-1","max-image-preview":"max-image-preview:large","max-video-preview":"max-video-preview:-1"},"canonical":"https:\/\/www.actualidadambiental.pe\/mosaico-purus-manu\/notas\/","og_locale":"es_ES","og_type":"article","og_title":"Notas - PUR\u00daS MANU","og_url":"https:\/\/www.actualidadambiental.pe\/mosaico-purus-manu\/notas\/","og_site_name":"PUR\u00daS MANU","article_modified_time":"2022-03-02T22:12:11+00:00","twitter_card":"summary_large_image","twitter_misc":{"Tiempo de lectura":"4 minutos"},"schema":{"@context":"https:\/\/schema.org","@graph":[{"@type":"WebPage","@id":"https:\/\/www.actualidadambiental.pe\/mosaico-purus-manu\/notas\/","url":"https:\/\/www.actualidadambiental.pe\/mosaico-purus-manu\/notas\/","name":"Notas - PUR\u00daS MANU","isPartOf":{"@id":"https:\/\/www.actualidadambiental.pe\/mosaico-purus-manu\/#website"},"datePublished":"2022-01-27T11:43:46+00:00","dateModified":"2022-03-02T22:12:11+00:00","breadcrumb":{"@id":"https:\/\/www.actualidadambiental.pe\/mosaico-purus-manu\/notas\/#breadcrumb"},"inLanguage":"es","potentialAction":[{"@type":"ReadAction","target":["https:\/\/www.actualidadambiental.pe\/mosaico-purus-manu\/notas\/"]}]},{"@type":"BreadcrumbList","@id":"https:\/\/www.actualidadambiental.pe\/mosaico-purus-manu\/notas\/#breadcrumb","itemListElement":[{"@type":"ListItem","position":1,"name":"Portada","item":"https:\/\/www.actualidadambiental.pe\/mosaico-purus-manu\/"},{"@type":"ListItem","position":2,"name":"Notas"}]},{"@type":"WebSite","@id":"https:\/\/www.actualidadambiental.pe\/mosaico-purus-manu\/#website","url":"https:\/\/www.actualidadambiental.pe\/mosaico-purus-manu\/","name":"PUR\u00daS MANU","description":"Historias desde el coraz\u00f3n del mosaico","potentialAction":[{"@type":"SearchAction","target":{"@type":"EntryPoint","urlTemplate":"https:\/\/www.actualidadambiental.pe\/mosaico-purus-manu\/?s={search_term_string}"},"query-input":{"@type":"PropertyValueSpecification","valueRequired":true,"valueName":"search_term_string"}}],"inLanguage":"es"}]}},"_links":{"self":[{"href":"https:\/\/www.actualidadambiental.pe\/mosaico-purus-manu\/wp-json\/wp\/v2\/pages\/900","targetHints":{"allow":["GET"]}}],"collection":[{"href":"https:\/\/www.actualidadambiental.pe\/mosaico-purus-manu\/wp-json\/wp\/v2\/pages"}],"about":[{"href":"https:\/\/www.actualidadambiental.pe\/mosaico-purus-manu\/wp-json\/wp\/v2\/types\/page"}],"author":[{"embeddable":true,"href":"https:\/\/www.actualidadambiental.pe\/mosaico-purus-manu\/wp-json\/wp\/v2\/users\/1"}],"replies":[{"embeddable":true,"href":"https:\/\/www.actualidadambiental.pe\/mosaico-purus-manu\/wp-json\/wp\/v2\/comments?post=900"}],"version-history":[{"count":4,"href":"https:\/\/www.actualidadambiental.pe\/mosaico-purus-manu\/wp-json\/wp\/v2\/pages\/900\/revisions"}],"predecessor-version":[{"id":1072,"href":"https:\/\/www.actualidadambiental.pe\/mosaico-purus-manu\/wp-json\/wp\/v2\/pages\/900\/revisions\/1072"}],"wp:attachment":[{"href":"https:\/\/www.actualidadambiental.pe\/mosaico-purus-manu\/wp-json\/wp\/v2\/media?parent=900"}],"curies":[{"name":"wp","href":"https:\/\/api.w.org\/{rel}","templated":true}]}}