{"id":739,"date":"2021-09-19T14:02:32","date_gmt":"2021-09-19T19:02:32","guid":{"rendered":"https:\/\/www.actualidadambiental.pe\/contaminacionluminica\/?page_id=739"},"modified":"2021-09-28T10:08:18","modified_gmt":"2021-09-28T15:08:18","slug":"testimonios","status":"publish","type":"page","link":"https:\/\/www.actualidadambiental.pe\/contaminacionluminica\/testimonios\/","title":{"rendered":"Testimonios"},"content":{"rendered":"<h1 class=\"titular\">\u201cNos sentimos con mucho estr\u00e9s\u201d:<br \/>\n4 testimonios sobre la contaminaci\u00f3n lum\u00ednica<\/h1>\n<p class=\"bajada\">La Sociedad Peruana de Derecho Ambiental (SPDA) entrevist\u00f3 a cuatro ciudadanas de los distritos de La Molina, Callao, Lince y Cieneguilla que se han visto afectadas por la iluminaci\u00f3n mal regulada.<\/p>\n<p>Cuatro distritos, cuatro vecinas y un mismo problema: la contaminaci\u00f3n lum\u00ednica. Marleni Aguirre, Karin Ledesma, Flor Tadeo y Laura* no se conocen pero si lo hicieran podr\u00edan empatizar r\u00e1pidamente con los sentimientos de impotencia, indignaci\u00f3n y, sobre todo, de resignaci\u00f3n debido a que se han visto obligadas a convivir con un problema que viene generando un serio impacto en sus vidas.<\/p>\n<p>El impacto es a nivel f\u00edsico y mental. <a href=\"https:\/\/www.actualidadambiental.pe\/cinco-cosas-contaminacion-luminica-proyecto-ley\/\">Esta contaminaci\u00f3n lum\u00ednica es capaz de alterar los ciclos del sue\u00f1o, lo que conduce a altos niveles de estr\u00e9s y ansiedad de las personas que viven cerca a estas fuentes de luz<\/a>. Sin embargo, seg\u00fan investigaciones, vivir expuesta o expuesto a este tipo de iluminaci\u00f3n excesiva por largos per\u00edodos tambi\u00e9n puede aumentar el riesgo de sufrir c\u00e1ncer de mama y de pr\u00f3stata, al generarse la inhibici\u00f3n de la producci\u00f3n de melatonina en el organismo.<\/p>\n<p>Las cuatro entrevistadas por la SPDA en abril del 2021 se\u00f1alaron que esta iluminaci\u00f3n excesiva les genera la sensaci\u00f3n de que su espacio personal est\u00e1 siendo invadido y vulnerado, sobre todo por las noches.<\/p>\n<ul class=\"menuinfo\">\n<li><a href=\"#Flor\">Flor Tadeo.<br \/>\n<span style=\"font-size: 0.8rem;\">La Molina<\/span> <\/a><\/li>\n<li><a href=\"#Marleni\">Marleni Aguirre.<br \/>\n<span style=\"font-size: 0.8rem;\">Lince<\/span><\/a><\/li>\n<li><a href=\"#Karin\">Karin Ledesma.<br \/>\n<span style=\"font-size: 0.8rem;\">Cieneguilla<\/span><\/a><\/li>\n<li><a href=\"#Laura\">Laura<sup>*<\/sup>.<br \/>\n<span style=\"font-size: 0.8rem;\">Callao<\/span><\/a><\/li>\n<\/ul>\n<div id=\"Flor\" class=\"puntos\"><\/div>\n<div>\n<h2 class=\"subtitulo1\">Flor Tadeo, una vecina abrumada por los paneles LED<\/h2>\n<figure id=\"attachment_799\" aria-describedby=\"caption-attachment-799\" style=\"width: 2560px\" class=\"wp-caption aligncenter\"><img loading=\"lazy\" decoding=\"async\" class=\"aligncenter wp-image-794 size-full\" src=\"https:\/\/www.actualidadambiental.pe\/contaminacionluminica\/wp-content\/uploads\/2021\/09\/0008024-scaled.jpg\" alt=\"\" width=\"2560\" height=\"1709\" srcset=\"https:\/\/www.actualidadambiental.pe\/contaminacionluminica\/wp-content\/uploads\/2021\/09\/0008024-scaled.jpg 2560w, https:\/\/www.actualidadambiental.pe\/contaminacionluminica\/wp-content\/uploads\/2021\/09\/0008024-300x200.jpg 300w, https:\/\/www.actualidadambiental.pe\/contaminacionluminica\/wp-content\/uploads\/2021\/09\/0008024-1024x683.jpg 1024w, https:\/\/www.actualidadambiental.pe\/contaminacionluminica\/wp-content\/uploads\/2021\/09\/0008024-768x513.jpg 768w, https:\/\/www.actualidadambiental.pe\/contaminacionluminica\/wp-content\/uploads\/2021\/09\/0008024-1536x1025.jpg 1536w, https:\/\/www.actualidadambiental.pe\/contaminacionluminica\/wp-content\/uploads\/2021\/09\/0008024-2048x1367.jpg 2048w\" sizes=\"auto, (max-width: 767px) 89vw, (max-width: 1000px) 54vw, (max-width: 1071px) 543px, 580px\" \/><figcaption id=\"caption-attachment-799\" class=\"wp-caption-text\">Flor Tadeo se\u00f1ala los paneles LED ubicados en Centro Financiero de La Molina. Foto: Jorge Pezantes.<\/figcaption><\/figure>\n<p>Flor Tadeo lleg\u00f3 a vivir en La Molina hace m\u00e1s de 30 a\u00f1os y ha sido testigo del crecimiento y modernizaci\u00f3n de su distrito. Lo que a inicios de los noventa eran lomas silenciosas rodeadas de un cielo oscuro que permit\u00eda ver las estrellas, hoy en d\u00eda lucen transformadas en zonas comerciales con alta densidad publicitaria.<\/p>\n<p>Seg\u00fan palabras de Tadeo, como vecina, ha visto a La Molina transformarse en \u201cun entorno desagradable\u201d. <span class=\"cita\">\u201c(Antes) era m\u00e1s natural, m\u00e1s armonioso y el entorno era agradable. Pod\u00edas salir a caminar y te sent\u00edas despejada, pero con todos estos (paneles), sientes como una afectaci\u00f3n a la naturaleza y en lo ps\u00edquico\u201d<\/span>, confiesa Tadeo.<\/p>\n<p>Adem\u00e1s, comenta que a partir del 2010 los paneles publicitarios han tenido una fuerte presencia en las principales v\u00edas del distrito, como las avenidas Ra\u00fal Ferrero, La Molina y Javier Prado.<\/p>\n<p>En 2019, la Municipalidad de Lima hizo un estudio de los elementos de publicidad exterior instalados a lo largo de las principales avenidas de la ciudad y registra que, <a href=\"https:\/\/www.actualidadambiental.pe\/mapa-interactivo-contaminacion-luminica-puntos-brillantes-lima\/\">en tan solo diez cuadras de la avenida Javier Prado Este, entre el \u00f3valo Monitor y el cruce con la avenida La Molina, fueron instalados 13 paneles iluminados<\/a>, poco m\u00e1s de uno por cada cuadra.<\/p>\n<p>Adicionalmente a la cantidad de paneles, Tadeo revel\u00f3 que el periodo de funcionamiento es un factor que la incomoda como vecina ya que muchos de los paneles del Centro Financiero de La Molina, y a lo largo de las avenidas mencionadas anteriormente, permanecen encendidos durante toda la noche.<\/p>\n<p><span class=\"cita\">\u201cEstos paneles habitualmente est\u00e1n encendidos a partir de las 5 p.m. (&#8230;) y se mantienen as\u00ed hasta las 6 a.m.\u201d, cuenta. \u201cPara m\u00ed no tiene sentido que est\u00e9n encendidos toda la noche. Deber\u00eda regularse su horario\u201d,<\/span> agrega Tadeo.<\/p>\n<p>La tambi\u00e9n integrante de una comunidad de vecinos organizados de La Molina cuenta que incluso han intentado interponer sus denuncias y requerimientos a la Municipalidad Metropolitana de Lima para el desmontaje de estos elementos de publicidad, sin embargo, los tr\u00e1mites los han terminado por agotar debido a que es un proceso \u201cmuy engorroso y tedioso\u201d. Cabe mencionar que en aquella \u00e9poca a\u00fan no exist\u00eda la Ley de prevenci\u00f3n y control de la contaminaci\u00f3n lum\u00ednica, <a href=\"http:\/\/www.actualidadambiental.pe\/congreso-aprueba-ley-para-prevenir-y-regular-la-contaminacion-luminica-en-el-peru\">aprobada en junio del 2021<\/a>.<\/p>\n<figure id=\"attachment_749\" aria-describedby=\"caption-attachment-749\" style=\"width: 2048px\" class=\"wp-caption aligncenter\"><img loading=\"lazy\" decoding=\"async\" class=\"size-full wp-image-749\" src=\"https:\/\/www.actualidadambiental.pe\/contaminacionluminica\/wp-content\/uploads\/2021\/09\/a.jpg\" alt=\"\" width=\"2048\" height=\"1536\" srcset=\"https:\/\/www.actualidadambiental.pe\/contaminacionluminica\/wp-content\/uploads\/2021\/09\/a.jpg 2048w, https:\/\/www.actualidadambiental.pe\/contaminacionluminica\/wp-content\/uploads\/2021\/09\/a-300x225.jpg 300w, https:\/\/www.actualidadambiental.pe\/contaminacionluminica\/wp-content\/uploads\/2021\/09\/a-1024x768.jpg 1024w, https:\/\/www.actualidadambiental.pe\/contaminacionluminica\/wp-content\/uploads\/2021\/09\/a-768x576.jpg 768w, https:\/\/www.actualidadambiental.pe\/contaminacionluminica\/wp-content\/uploads\/2021\/09\/a-1536x1152.jpg 1536w\" sizes=\"auto, (max-width: 767px) 89vw, (max-width: 1000px) 54vw, (max-width: 1071px) 543px, 580px\" \/><figcaption id=\"caption-attachment-749\" class=\"wp-caption-text\">Foto tomada por la SPDA frente al CC.CC. Jockey Plaza a las 4:37 a.m. donde se observa al menos dos paneles LED encendidos.<\/figcaption><\/figure>\n<p>&nbsp;<\/p>\n<figure id=\"attachment_750\" aria-describedby=\"caption-attachment-750\" style=\"width: 2048px\" class=\"wp-caption aligncenter\"><img loading=\"lazy\" decoding=\"async\" class=\"size-full wp-image-750\" src=\"https:\/\/www.actualidadambiental.pe\/contaminacionluminica\/wp-content\/uploads\/2021\/09\/b.jpg\" alt=\"\" width=\"2048\" height=\"1536\" srcset=\"https:\/\/www.actualidadambiental.pe\/contaminacionluminica\/wp-content\/uploads\/2021\/09\/b.jpg 2048w, https:\/\/www.actualidadambiental.pe\/contaminacionluminica\/wp-content\/uploads\/2021\/09\/b-300x225.jpg 300w, https:\/\/www.actualidadambiental.pe\/contaminacionluminica\/wp-content\/uploads\/2021\/09\/b-1024x768.jpg 1024w, https:\/\/www.actualidadambiental.pe\/contaminacionluminica\/wp-content\/uploads\/2021\/09\/b-768x576.jpg 768w, https:\/\/www.actualidadambiental.pe\/contaminacionluminica\/wp-content\/uploads\/2021\/09\/b-1536x1152.jpg 1536w\" sizes=\"auto, (max-width: 767px) 89vw, (max-width: 1000px) 54vw, (max-width: 1071px) 543px, 580px\" \/><figcaption id=\"caption-attachment-750\" class=\"wp-caption-text\">Foto tomada por la SPDA en abril, previo a las Elecciones Generales del 2021, en la avenida Javier Prado Este donde se observa la existencia de contaminaci\u00f3n lum\u00ednica y visual.<\/figcaption><\/figure>\n<hr \/>\n<\/div>\n<div id=\"Marleni\" class=\"puntos\"><\/div>\n<div>\n<h2 class=\"subtitulo1\">Marleni Aguirre y la resignaci\u00f3n de vivir frente a un panel que no descansa<\/h2>\n<figure id=\"attachment_799\" aria-describedby=\"caption-attachment-799\" style=\"width: 2560px\" class=\"wp-caption aligncenter\"><img loading=\"lazy\" decoding=\"async\" class=\"aligncenter wp-image-795 size-full\" src=\"https:\/\/www.actualidadambiental.pe\/contaminacionluminica\/wp-content\/uploads\/2021\/09\/0008235-scaled.jpg\" alt=\"\" width=\"2560\" height=\"1709\" srcset=\"https:\/\/www.actualidadambiental.pe\/contaminacionluminica\/wp-content\/uploads\/2021\/09\/0008235-scaled.jpg 2560w, https:\/\/www.actualidadambiental.pe\/contaminacionluminica\/wp-content\/uploads\/2021\/09\/0008235-300x200.jpg 300w, https:\/\/www.actualidadambiental.pe\/contaminacionluminica\/wp-content\/uploads\/2021\/09\/0008235-1024x683.jpg 1024w, https:\/\/www.actualidadambiental.pe\/contaminacionluminica\/wp-content\/uploads\/2021\/09\/0008235-768x513.jpg 768w, https:\/\/www.actualidadambiental.pe\/contaminacionluminica\/wp-content\/uploads\/2021\/09\/0008235-1536x1025.jpg 1536w, https:\/\/www.actualidadambiental.pe\/contaminacionluminica\/wp-content\/uploads\/2021\/09\/0008235-2048x1367.jpg 2048w\" sizes=\"auto, (max-width: 767px) 89vw, (max-width: 1000px) 54vw, (max-width: 1071px) 543px, 580px\" \/><figcaption id=\"caption-attachment-799\" class=\"wp-caption-text\">Marleni Aguirre, vecina de Lince, muestra el panel luminoso ubicado frente a su departamento. Foto: Jorge Pezantes.<\/figcaption><\/figure>\n<p>Desde el distrito de Lince, Marleni Aguirre, cuenta que en 2018 tom\u00f3 la decisi\u00f3n de mudarse a un edificio nuevo con la ilusi\u00f3n de querer vivir en un mejor lugar para ella y sus hijos. Se refiere al edificio Lux, ubicado cerca del cruce de la V\u00eda expresa con Javier Prado.<\/p>\n<p>Con sus ahorros compr\u00f3 un departamento en el primer piso, que goza, entre otras cosas, con una interesante vista a la V\u00eda Expresa. Sin embargo, bast\u00f3 pasar la primera noche para darse con una ingrata sorpresa, frente a su casa la empresa Deltron tiene instalado un panel LED que proyecta tal intensidad de brillo, que es capaz de iluminar el edificio Lux entero.<\/p>\n<\/div>\n<div>\n<figure id=\"attachment_799\" aria-describedby=\"caption-attachment-799\" style=\"width: 2560px\" class=\"wp-caption aligncenter\"><img loading=\"lazy\" decoding=\"async\" class=\"wp-image-799 size-full\" src=\"https:\/\/www.actualidadambiental.pe\/contaminacionluminica\/wp-content\/uploads\/2021\/09\/DJI_0639-scaled.jpg\" alt=\"\" width=\"2560\" height=\"1440\" srcset=\"https:\/\/www.actualidadambiental.pe\/contaminacionluminica\/wp-content\/uploads\/2021\/09\/DJI_0639-scaled.jpg 2560w, https:\/\/www.actualidadambiental.pe\/contaminacionluminica\/wp-content\/uploads\/2021\/09\/DJI_0639-300x169.jpg 300w, https:\/\/www.actualidadambiental.pe\/contaminacionluminica\/wp-content\/uploads\/2021\/09\/DJI_0639-1024x576.jpg 1024w, https:\/\/www.actualidadambiental.pe\/contaminacionluminica\/wp-content\/uploads\/2021\/09\/DJI_0639-768x432.jpg 768w, https:\/\/www.actualidadambiental.pe\/contaminacionluminica\/wp-content\/uploads\/2021\/09\/DJI_0639-1536x864.jpg 1536w, https:\/\/www.actualidadambiental.pe\/contaminacionluminica\/wp-content\/uploads\/2021\/09\/DJI_0639-2048x1152.jpg 2048w\" sizes=\"auto, (max-width: 767px) 89vw, (max-width: 1000px) 54vw, (max-width: 1071px) 543px, 580px\" \/><figcaption id=\"caption-attachment-799\" class=\"wp-caption-text\">El letrero luminoso tiene tal intensidad que ilumina por completo la fachada del Edificio Lux ubicado en Lince, cerca del cruce de las avenidas V\u00eda Expresa y Javier Prado. Foto: Jorge Pezantes<\/figcaption><\/figure>\n<p><span class=\"cita\">\u201cCon mucha ilusi\u00f3n vine a vivir en el distrito de Lince, pero (me di) con la ingrata experiencia de ver toda esta contaminaci\u00f3n de luces que hay frente a este edificio. Siempre uno tiene esa ilusi\u00f3n de querer vivir en un sitio mejor pero a veces no nos percatamos de nuestro alrededor\u201d,<\/span> comenta Marleni de espaldas a la intensa luz emitida por aquel panel.<\/p>\n<p><span class=\"cita\">\u201cNadie est\u00e1 en contra de que puedan poner su publicidad pero debe ser reglamentado porque toda la madrugada est\u00e1 prendido, yo digo \u00bfpara qui\u00e9n est\u00e1n publicitando en la madrugada?\u201d,<\/span> se\u00f1ala y agrega que al irse a dormir, a las 2 a.m., el panel contin\u00faa encendido.<\/p>\n<p>Dentro de los principales efectos negativos que ha experimentado Marleni Aguirre y su familia al vivir expuesta a este tipo de contaminaci\u00f3n lum\u00ednica est\u00e1n los constantes dolores de cabeza, afectaci\u00f3n a la vista y la alteraci\u00f3n de los ciclos de sue\u00f1o.<\/p>\n<p>\u201cEsta luz ha impactado en nuestras vidas a la hora de dormir. No dormimos bien, amanecemos con dolores de cabeza inclusive hasta (afecta) la vista. Tengo que usar lentes\u201d, cuenta. <span class=\"cita\">\u201cPienso que al no descansar bien uno se levanta hasta de mal humor y eso trae un sinf\u00edn de cosas, porque al t\u00fa estar malhumorada eso afecta tambi\u00e9n a tus hijos, (me preguntan) por qu\u00e9 estas as\u00ed (molesta) y es por la luz\u201d,<\/span> confiesa.<\/p>\n<p>Esta incomodidad no existir\u00eda si fuentes de iluminaci\u00f3n como paneles LED, reflectores de espacios deportivas y alumbrado p\u00fablico* se rigieran por est\u00e1ndares de niveles m\u00e1ximos de luminancia y\/o horarios de encendido. Sin embargo, estos l\u00edmites a\u00fan no han sido establecidos en el Per\u00fa, pese a la publicaci\u00f3n de la Ley de prevenci\u00f3n y control de la contaminaci\u00f3n lum\u00ednica, ya que seg\u00fan el analista en Gesti\u00f3n de la Calidad Ambiental del Ministerio del Ambiente, Gonzalo Rosado, primero tendr\u00eda que <span class=\"cita\">\u201cconstruirse y promulgarse un instrumento normativo ligado al protocolo de monitoreo de paneles publicitarios LED\u201d.<\/span><\/p>\n<hr \/>\n<\/div>\n<div id=\"Karin\" class=\"puntos\"><\/div>\n<div>\n<h2 class=\"subtitulo1\">Karin Ledesma y alumbrado p\u00fablico mal dise\u00f1ado<\/h2>\n<figure id=\"attachment_799\" aria-describedby=\"caption-attachment-799\" style=\"width: 2560px\" class=\"wp-caption aligncenter\"><img loading=\"lazy\" decoding=\"async\" class=\"aligncenter size-full wp-image-752\" src=\"https:\/\/www.actualidadambiental.pe\/contaminacionluminica\/wp-content\/uploads\/2021\/09\/Copia-de-_0008392-scaled.jpg\" alt=\"\" width=\"2560\" height=\"1709\" srcset=\"https:\/\/www.actualidadambiental.pe\/contaminacionluminica\/wp-content\/uploads\/2021\/09\/Copia-de-_0008392-scaled.jpg 2560w, https:\/\/www.actualidadambiental.pe\/contaminacionluminica\/wp-content\/uploads\/2021\/09\/Copia-de-_0008392-300x200.jpg 300w, https:\/\/www.actualidadambiental.pe\/contaminacionluminica\/wp-content\/uploads\/2021\/09\/Copia-de-_0008392-1024x683.jpg 1024w, https:\/\/www.actualidadambiental.pe\/contaminacionluminica\/wp-content\/uploads\/2021\/09\/Copia-de-_0008392-768x513.jpg 768w, https:\/\/www.actualidadambiental.pe\/contaminacionluminica\/wp-content\/uploads\/2021\/09\/Copia-de-_0008392-1536x1025.jpg 1536w, https:\/\/www.actualidadambiental.pe\/contaminacionluminica\/wp-content\/uploads\/2021\/09\/Copia-de-_0008392-2048x1367.jpg 2048w\" sizes=\"auto, (max-width: 767px) 89vw, (max-width: 1000px) 54vw, (max-width: 1071px) 543px, 580px\" \/><figcaption id=\"caption-attachment-799\" class=\"wp-caption-text\">Karin Ledesma, vecina de Cieneguilla. Foto: Jorge Pezantes.<\/figcaption><\/figure>\n<p>Un alumbrado p\u00fablico con mal dise\u00f1o es aquel cuya iluminaci\u00f3n no est\u00e1 dirigida donde deber\u00edan transitar peatones y\/o veh\u00edculos sino por el contrario, alumbra al cielo y\/o al interior de las viviendas generando incomodidad y efectos en la salud f\u00edsica y mental de los habitantes.<\/p>\n<p>Este es el caso de Karin Ledesma, vecina del distrito de Cieneguilla que se mud\u00f3 a un lugar distanciado del centro de Lima para alejarse de la contaminaci\u00f3n sonora. Lamentablemente, al poco tiempo, en 2016, se dio con una ingrata sorpresa: instalaron frente a su casa dos postes de luz con tres focos cada uno.<\/p>\n<p>Ledesma ha estudiado Ciencias Forestales y por ello se siente mucho m\u00e1s consciente del impacto que puede tener la contaminaci\u00f3n lum\u00ednica en las personas y la biodiversidad sobre todo en una zona semi rural como la Quebrada Tinajas de Cieneguilla.<\/p>\n<p><span class=\"cita\">\u201cHay personas como yo que hemos venido a vivir fuera de la ciudad para alejarnos de la contaminaci\u00f3n sonora, la contaminaci\u00f3n del aire y buscar la tranquilidad, sin embargo, ahora nos encontramos con una contaminaci\u00f3n lum\u00ednica\u201d,<\/span> comenta.<\/p>\n<figure id=\"attachment_799\" aria-describedby=\"caption-attachment-799\" style=\"width: 2560px\" class=\"wp-caption aligncenter\"><img loading=\"lazy\" decoding=\"async\" class=\"aligncenter wp-image-803 size-full\" src=\"https:\/\/www.actualidadambiental.pe\/contaminacionluminica\/wp-content\/uploads\/2021\/09\/0008416-scaled.jpg\" alt=\"\" width=\"2560\" height=\"1709\" srcset=\"https:\/\/www.actualidadambiental.pe\/contaminacionluminica\/wp-content\/uploads\/2021\/09\/0008416-scaled.jpg 2560w, https:\/\/www.actualidadambiental.pe\/contaminacionluminica\/wp-content\/uploads\/2021\/09\/0008416-300x200.jpg 300w, https:\/\/www.actualidadambiental.pe\/contaminacionluminica\/wp-content\/uploads\/2021\/09\/0008416-1024x683.jpg 1024w, https:\/\/www.actualidadambiental.pe\/contaminacionluminica\/wp-content\/uploads\/2021\/09\/0008416-768x513.jpg 768w, https:\/\/www.actualidadambiental.pe\/contaminacionluminica\/wp-content\/uploads\/2021\/09\/0008416-1536x1025.jpg 1536w, https:\/\/www.actualidadambiental.pe\/contaminacionluminica\/wp-content\/uploads\/2021\/09\/0008416-2048x1367.jpg 2048w\" sizes=\"auto, (max-width: 767px) 89vw, (max-width: 1000px) 54vw, (max-width: 1071px) 543px, 580px\" \/><figcaption id=\"caption-attachment-799\" class=\"wp-caption-text\">Foto: Jorge Pezantes.<\/figcaption><\/figure>\n<p>La instalaci\u00f3n de los postes de luz se hizo a pedido de los vecinos del lugar para disuadir los casos de asaltos al paso. Para algunos esta iluminaci\u00f3n aument\u00f3 la sensaci\u00f3n de seguridad mientras que para Karin fue el inicio de una incomodidad perenne.<\/p>\n<p>\u201cHay zonas (en mi casa) que van de oscuridad a luz y esos cambios de iluminaci\u00f3n, si uno camina en la noche, perturban y me molesta tener que estar bajando la cabeza para no recibir la luz directa\u201d, cuenta Ledesma.<\/p>\n<p><span class=\"cita\">\u201cSi yo quisiera remediar un poco el impacto de la luz en mi casa tendr\u00eda que tal vez utilizar estas cortinas Black Out, pero en verano eso es bastante problem\u00e1tico (&#8230;) Tener cortinas no funcionaria porque podr\u00eda bloquear la luz pero no permitir\u00eda una buena ventilaci\u00f3n de la habitaci\u00f3n\u201d,<\/span> agrega.<\/p>\n<p>Adem\u00e1s, cuenta que no ser\u00eda la \u00fanica afectada. La fauna silvestre que habita esa zona, como aves y reptiles tambi\u00e9n estar\u00edan siendo afectados por este alumbrado p\u00fablico mal dise\u00f1ado.<\/p>\n<p><span class=\"cita\">\u201cAqu\u00ed viven huerequeques, lechuza de los arenales, lagartijas, quecos y una serie de insectos que conforman la fauna silvestre. Algunos de ellos son nativos de esta zona y esta luz artificial tan potente est\u00e1 impactando en las poblaciones y salud de estos organismos. Incluso en la noche a veces escucho cantar a alguna de las aves diurnas porque hay una iluminaci\u00f3n bastante excesiva\u201d,<\/span> revela.<\/p>\n<p>Al igual que las y los vecinos de La Molina, Ledesma se\u00f1al\u00f3 que tras intentar solicitar el retiro de los postes de luz o el cambio por otro tipo de fuente de iluminaci\u00f3n tuvo que dar marcha atr\u00e1s porque considera que es un proceso \u201cmuy burocr\u00e1tico\u201d.<\/p>\n<\/div>\n<div id=\"Laura\" class=\"puntos\"><\/div>\n<div>\n<h2 class=\"subtitulo1\">Laura* y la invasi\u00f3n de su espacio privado<\/h2>\n<figure id=\"attachment_799\" aria-describedby=\"caption-attachment-799\" style=\"width: 4000px\" class=\"wp-caption aligncenter\"><img loading=\"lazy\" decoding=\"async\" class=\"aligncenter wp-image-808 size-full\" src=\"https:\/\/www.actualidadambiental.pe\/contaminacionluminica\/wp-content\/uploads\/2021\/09\/0008311-1.png\" alt=\"\" width=\"4000\" height=\"2670\" srcset=\"https:\/\/www.actualidadambiental.pe\/contaminacionluminica\/wp-content\/uploads\/2021\/09\/0008311-1.png 4000w, https:\/\/www.actualidadambiental.pe\/contaminacionluminica\/wp-content\/uploads\/2021\/09\/0008311-1-300x200.png 300w, https:\/\/www.actualidadambiental.pe\/contaminacionluminica\/wp-content\/uploads\/2021\/09\/0008311-1-1024x684.png 1024w, https:\/\/www.actualidadambiental.pe\/contaminacionluminica\/wp-content\/uploads\/2021\/09\/0008311-1-768x513.png 768w, https:\/\/www.actualidadambiental.pe\/contaminacionluminica\/wp-content\/uploads\/2021\/09\/0008311-1-1536x1025.png 1536w, https:\/\/www.actualidadambiental.pe\/contaminacionluminica\/wp-content\/uploads\/2021\/09\/0008311-1-2048x1367.png 2048w\" sizes=\"auto, (max-width: 767px) 89vw, (max-width: 1000px) 54vw, (max-width: 1071px) 543px, 580px\" \/><figcaption id=\"caption-attachment-799\" class=\"wp-caption-text\">Laura*, vecina del Callao, que pidi\u00f3 mantener su identidad en reserva. Foto: Jorge Pezantes.<\/figcaption><\/figure>\n<p>Cada noche cuando regresaba del trabajo, Laura* sub\u00eda a su terraza a observar por largas horas el cielo. Ese espacio se hab\u00eda convertido en su lugar seguro, un lugar de descanso en donde pod\u00eda leer un libro o simplemente esperar a ver si alguna estrella se asomaba.<\/p>\n<p>Para su mala suerte, hace unos a\u00f1os, su espacio preferido fue invadido por una luz cegadora generada por la luminaria de una \u00e1rea deportiva ubicada frente a su casa. En la entrevista realizada en abril de 2021, Laura* coment\u00f3 que aquellos dos reflectores de luz azul, adem\u00e1s de alumbrar directamente a su casa, permanec\u00edan encendidos hasta la medianoche en plena pandemia, cuando las restricciones eran mucho m\u00e1s estrictas.<\/p>\n<p><span class=\"cita\">\u201cEs una luz intensa, agresiva e invasiva. Parece que estuvieran apuntando directamente as\u00ed como en las pel\u00edculas, cuando vienen los helic\u00f3pteros para encontrar a los delincuentes\u201d,<\/span> comenta Laura*, quien pidi\u00f3 mantener su identidad en reserva por temor a represalias de los usuarios de aquel espacio deportivo.<\/p>\n<p>La joven de 31 a\u00f1os, revel\u00f3 que esta exposici\u00f3n la afecta a nivel f\u00edsico y emocional, y para evitar sentirse \u201cinvadida\u201d por la luz, se ha visto obligada a \u201creplegarse\u201d hacia el interior de su vivienda.<\/p>\n<p><span class=\"cita\">\u201cTengo una especie de fotosensibilidad desde hace varios a\u00f1os y cuando salgo a la terraza o abro las ventanas me encuentro con esta cantidad de luces potentes que apuntan directamente hacia m\u00ed y tiendo a alejar la vista\u201d,<\/span> cuenta. <span class=\"cita\"> \u201cEl otro tema que me afecta emocionalmente, porque antes sol\u00eda estar en la terraza por largas horas (&#8230;) siento que han invadido mi espacio privado y me est\u00e1n quitando esa parte de m\u00ed que yo disfrutaba tanto. Siento que se han metido conmigo tanto a nivel f\u00edsico y mental\u201d,<\/span> agrega la joven.<\/p>\n<figure id=\"attachment_753\" aria-describedby=\"caption-attachment-753\" style=\"width: 1520px\" class=\"wp-caption aligncenter\"><img loading=\"lazy\" decoding=\"async\" class=\"size-full wp-image-753\" src=\"https:\/\/www.actualidadambiental.pe\/contaminacionluminica\/wp-content\/uploads\/2021\/09\/c.jpg\" alt=\"\" width=\"1520\" height=\"784\" srcset=\"https:\/\/www.actualidadambiental.pe\/contaminacionluminica\/wp-content\/uploads\/2021\/09\/c.jpg 1520w, https:\/\/www.actualidadambiental.pe\/contaminacionluminica\/wp-content\/uploads\/2021\/09\/c-300x155.jpg 300w, https:\/\/www.actualidadambiental.pe\/contaminacionluminica\/wp-content\/uploads\/2021\/09\/c-1024x528.jpg 1024w, https:\/\/www.actualidadambiental.pe\/contaminacionluminica\/wp-content\/uploads\/2021\/09\/c-768x396.jpg 768w\" sizes=\"auto, (max-width: 767px) 89vw, (max-width: 1000px) 54vw, (max-width: 1071px) 543px, 580px\" \/><figcaption id=\"caption-attachment-753\" class=\"wp-caption-text\">Foto tomada por Laura*, vecina que vive afectada por la iluminaci\u00f3n excesiva de una cancha deportiva m\u00e1s la del alumbrado p\u00fablico\u00a0 (Foto: SPDA)<\/figcaption><\/figure>\n<p>Como si fuera poco, sumado a aquellos reflectores, existen otras dos fuentes de luz inc\u00f3moda que afectan la tranquilidad de los vecinos: una red de alumbrado p\u00fablico mal dise\u00f1ada, que ilumina las ventanas de los niveles superiores de las viviendas; y una red de faroles circulares cuya iluminaci\u00f3n alumbra el cielo y no el camino de los peatones.<\/p>\n<p>Laura* cuenta que en un inicio, el municipio instal\u00f3 estas fuentes de luz a pedido de los vecinos para mejorar el tema de seguridad ciudadana ya que se hab\u00edan registrado diversos robos en aquella la zona. Sin embargo, al cabo de los a\u00f1os se han dado cuenta que lo \u00fanico que se ha logrado es que la delincuencia contin\u00fae y que se afecte la calidad de vida de los vecinos oblig\u00e1ndose a convivir con la potencia de la luz artificial de noche.<\/p>\n<p><span class=\"cita\">\u201cHay algunos faroles que est\u00e1n ubicados a un metro de las ventanas de los vecinos y se nota claramente que en esas habitaciones la gente duerme, tambi\u00e9n hay vecinos que han tapado las ventanas. Imaginar\u00eda que es porque les molesta el exterior, porque la luz cuando se enciende ilumina hasta adentro y entonces sus sue\u00f1os se perturban\u201d,<\/span> comenta.<\/p>\n<figure id=\"attachment_799\" aria-describedby=\"caption-attachment-799\" style=\"width: 2560px\" class=\"wp-caption aligncenter\"><img loading=\"lazy\" decoding=\"async\" class=\"aligncenter wp-image-806 size-full\" src=\"https:\/\/www.actualidadambiental.pe\/contaminacionluminica\/wp-content\/uploads\/2021\/09\/0008349-1-scaled.jpg\" alt=\"\" width=\"2560\" height=\"1708\" srcset=\"https:\/\/www.actualidadambiental.pe\/contaminacionluminica\/wp-content\/uploads\/2021\/09\/0008349-1-scaled.jpg 2560w, https:\/\/www.actualidadambiental.pe\/contaminacionluminica\/wp-content\/uploads\/2021\/09\/0008349-1-300x200.jpg 300w, https:\/\/www.actualidadambiental.pe\/contaminacionluminica\/wp-content\/uploads\/2021\/09\/0008349-1-1024x683.jpg 1024w, https:\/\/www.actualidadambiental.pe\/contaminacionluminica\/wp-content\/uploads\/2021\/09\/0008349-1-768x513.jpg 768w, https:\/\/www.actualidadambiental.pe\/contaminacionluminica\/wp-content\/uploads\/2021\/09\/0008349-1-1536x1025.jpg 1536w, https:\/\/www.actualidadambiental.pe\/contaminacionluminica\/wp-content\/uploads\/2021\/09\/0008349-1-2048x1367.jpg 2048w\" sizes=\"auto, (max-width: 767px) 89vw, (max-width: 1000px) 54vw, (max-width: 1071px) 543px, 580px\" \/><figcaption id=\"caption-attachment-799\" class=\"wp-caption-text\">Iluminaci\u00f3n p\u00fablica ubicada frente a ventanas de las casas de vecinos del Callao. Foto: Jorge Pezantes.<\/figcaption><\/figure>\n<p>Si bien es cierto, una buena iluminaci\u00f3n puede generar una mayor sensaci\u00f3n de seguridad entre las y los vecinos, se debe tener en cuenta la forma c\u00f3mo se ilumina. Por ello, la Ley de Prevenci\u00f3n y Control de la Contaminaci\u00f3n Lum\u00ednica, entre otras recomendaciones, propone que el dise\u00f1o de los postes de alumbrado p\u00fablico incluya aspectos relativos a la inclinaci\u00f3n y la direcci\u00f3n de las luminarias, as\u00ed como sus respectivos par\u00e1metros de luminancia para no afectar la calidad de vida de las personas y biodiversidad. Adem\u00e1s, se\u00f1ala que los focos y los postes de alumbrado p\u00fablico deber\u00e1n dise\u00f1arse e instalarse de manera que se favorezca el ahorro energ\u00e9tico y el uso adecuado de la energ\u00eda.<\/p>\n<hr \/>\n<p class=\"small\"><em>* Nombre alternativo ya que la vecina del Callao pidi\u00f3 mantener su identidad en reserva por temor a represalias.<\/em><\/p>\n<\/div>\n","protected":false},"excerpt":{"rendered":"<p>\u201cNos sentimos con mucho estr\u00e9s\u201d: 4 testimonios sobre la contaminaci\u00f3n lum\u00ednica La Sociedad Peruana de Derecho Ambiental (SPDA) entrevist\u00f3 a cuatro ciudadanas de los distritos de La Molina, Callao, Lince y Cieneguilla que se han visto afectadas por la iluminaci\u00f3n mal regulada. Cuatro distritos, cuatro vecinas y un mismo problema: la contaminaci\u00f3n lum\u00ednica. Marleni Aguirre, &hellip; <\/p>\n<p class=\"link-more\"><a href=\"https:\/\/www.actualidadambiental.pe\/contaminacionluminica\/testimonios\/\" class=\"more-link\">Continuar leyendo<span class=\"screen-reader-text\"> \u00abTestimonios\u00bb<\/span><\/a><\/p>\n","protected":false},"author":4,"featured_media":442,"parent":0,"menu_order":4,"comment_status":"closed","ping_status":"closed","template":"","meta":{"footnotes":""},"class_list":["post-739","page","type-page","status-publish","has-post-thumbnail","hentry"],"_links":{"self":[{"href":"https:\/\/www.actualidadambiental.pe\/contaminacionluminica\/wp-json\/wp\/v2\/pages\/739","targetHints":{"allow":["GET"]}}],"collection":[{"href":"https:\/\/www.actualidadambiental.pe\/contaminacionluminica\/wp-json\/wp\/v2\/pages"}],"about":[{"href":"https:\/\/www.actualidadambiental.pe\/contaminacionluminica\/wp-json\/wp\/v2\/types\/page"}],"author":[{"embeddable":true,"href":"https:\/\/www.actualidadambiental.pe\/contaminacionluminica\/wp-json\/wp\/v2\/users\/4"}],"replies":[{"embeddable":true,"href":"https:\/\/www.actualidadambiental.pe\/contaminacionluminica\/wp-json\/wp\/v2\/comments?post=739"}],"version-history":[{"count":35,"href":"https:\/\/www.actualidadambiental.pe\/contaminacionluminica\/wp-json\/wp\/v2\/pages\/739\/revisions"}],"predecessor-version":[{"id":863,"href":"https:\/\/www.actualidadambiental.pe\/contaminacionluminica\/wp-json\/wp\/v2\/pages\/739\/revisions\/863"}],"wp:featuredmedia":[{"embeddable":true,"href":"https:\/\/www.actualidadambiental.pe\/contaminacionluminica\/wp-json\/wp\/v2\/media\/442"}],"wp:attachment":[{"href":"https:\/\/www.actualidadambiental.pe\/contaminacionluminica\/wp-json\/wp\/v2\/media?parent=739"}],"curies":[{"name":"wp","href":"https:\/\/api.w.org\/{rel}","templated":true}]}}